{"id":885,"date":"2024-04-08T19:04:42","date_gmt":"2024-04-08T19:04:42","guid":{"rendered":"https:\/\/pulzohost.com.br\/clientes\/grupoeventos\/?page_id=885"},"modified":"2024-04-08T19:18:02","modified_gmt":"2024-04-08T19:18:02","slug":"resposabilidade-social","status":"publish","type":"page","link":"https:\/\/pulzohost.com.br\/clientes\/grupoeventos\/resposabilidade-social\/","title":{"rendered":"Resposabilidade Social"},"content":{"rendered":"\t\t<div data-elementor-type=\"wp-page\" data-elementor-id=\"885\" class=\"elementor elementor-885\" data-elementor-post-type=\"page\">\n\t\t\t\t\t\t<section class=\"elementor-section elementor-top-section elementor-element elementor-element-17d37a2 elementor-section-boxed elementor-section-height-default elementor-section-height-default\" data-id=\"17d37a2\" data-element_type=\"section\" data-settings=\"{&quot;background_background&quot;:&quot;classic&quot;,&quot;shape_divider_bottom&quot;:&quot;curve&quot;,&quot;shape_divider_bottom_negative&quot;:&quot;yes&quot;}\">\n\t\t\t\t\t<div class=\"elementor-shape elementor-shape-bottom\" data-negative=\"true\">\n\t\t\t<svg xmlns=\"http:\/\/www.w3.org\/2000\/svg\" viewBox=\"0 0 1000 100\" preserveAspectRatio=\"none\">\n\t<path class=\"elementor-shape-fill\" d=\"M500,97C126.7,96.3,0.8,19.8,0,0v100l1000,0V1C1000,19.4,873.3,97.8,500,97z\"\/>\n<\/svg>\t\t<\/div>\n\t\t\t\t\t<div class=\"elementor-container elementor-column-gap-default\">\n\t\t\t\t\t<div class=\"elementor-column elementor-col-100 elementor-top-column elementor-element elementor-element-eafa138\" data-id=\"eafa138\" data-element_type=\"column\">\n\t\t\t<div class=\"elementor-widget-wrap elementor-element-populated\">\n\t\t\t\t\t\t<div class=\"elementor-element elementor-element-d5b7225 elementor-widget-divider--view-line elementor-widget elementor-widget-divider\" data-id=\"d5b7225\" data-element_type=\"widget\" data-widget_type=\"divider.default\">\n\t\t\t\t<div class=\"elementor-widget-container\">\n\t\t\t<style>\/*! elementor - v3.20.0 - 20-03-2024 *\/\n.elementor-widget-divider{--divider-border-style:none;--divider-border-width:1px;--divider-color:#0c0d0e;--divider-icon-size:20px;--divider-element-spacing:10px;--divider-pattern-height:24px;--divider-pattern-size:20px;--divider-pattern-url:none;--divider-pattern-repeat:repeat-x}.elementor-widget-divider .elementor-divider{display:flex}.elementor-widget-divider .elementor-divider__text{font-size:15px;line-height:1;max-width:95%}.elementor-widget-divider .elementor-divider__element{margin:0 var(--divider-element-spacing);flex-shrink:0}.elementor-widget-divider .elementor-icon{font-size:var(--divider-icon-size)}.elementor-widget-divider .elementor-divider-separator{display:flex;margin:0;direction:ltr}.elementor-widget-divider--view-line_icon .elementor-divider-separator,.elementor-widget-divider--view-line_text .elementor-divider-separator{align-items:center}.elementor-widget-divider--view-line_icon .elementor-divider-separator:after,.elementor-widget-divider--view-line_icon .elementor-divider-separator:before,.elementor-widget-divider--view-line_text .elementor-divider-separator:after,.elementor-widget-divider--view-line_text .elementor-divider-separator:before{display:block;content:\"\";border-block-end:0;flex-grow:1;border-block-start:var(--divider-border-width) var(--divider-border-style) var(--divider-color)}.elementor-widget-divider--element-align-left .elementor-divider .elementor-divider-separator>.elementor-divider__svg:first-of-type{flex-grow:0;flex-shrink:100}.elementor-widget-divider--element-align-left .elementor-divider-separator:before{content:none}.elementor-widget-divider--element-align-left .elementor-divider__element{margin-left:0}.elementor-widget-divider--element-align-right .elementor-divider .elementor-divider-separator>.elementor-divider__svg:last-of-type{flex-grow:0;flex-shrink:100}.elementor-widget-divider--element-align-right .elementor-divider-separator:after{content:none}.elementor-widget-divider--element-align-right .elementor-divider__element{margin-right:0}.elementor-widget-divider--element-align-start .elementor-divider .elementor-divider-separator>.elementor-divider__svg:first-of-type{flex-grow:0;flex-shrink:100}.elementor-widget-divider--element-align-start .elementor-divider-separator:before{content:none}.elementor-widget-divider--element-align-start .elementor-divider__element{margin-inline-start:0}.elementor-widget-divider--element-align-end .elementor-divider .elementor-divider-separator>.elementor-divider__svg:last-of-type{flex-grow:0;flex-shrink:100}.elementor-widget-divider--element-align-end .elementor-divider-separator:after{content:none}.elementor-widget-divider--element-align-end .elementor-divider__element{margin-inline-end:0}.elementor-widget-divider:not(.elementor-widget-divider--view-line_text):not(.elementor-widget-divider--view-line_icon) .elementor-divider-separator{border-block-start:var(--divider-border-width) var(--divider-border-style) var(--divider-color)}.elementor-widget-divider--separator-type-pattern{--divider-border-style:none}.elementor-widget-divider--separator-type-pattern.elementor-widget-divider--view-line .elementor-divider-separator,.elementor-widget-divider--separator-type-pattern:not(.elementor-widget-divider--view-line) .elementor-divider-separator:after,.elementor-widget-divider--separator-type-pattern:not(.elementor-widget-divider--view-line) .elementor-divider-separator:before,.elementor-widget-divider--separator-type-pattern:not([class*=elementor-widget-divider--view]) .elementor-divider-separator{width:100%;min-height:var(--divider-pattern-height);-webkit-mask-size:var(--divider-pattern-size) 100%;mask-size:var(--divider-pattern-size) 100%;-webkit-mask-repeat:var(--divider-pattern-repeat);mask-repeat:var(--divider-pattern-repeat);background-color:var(--divider-color);-webkit-mask-image:var(--divider-pattern-url);mask-image:var(--divider-pattern-url)}.elementor-widget-divider--no-spacing{--divider-pattern-size:auto}.elementor-widget-divider--bg-round{--divider-pattern-repeat:round}.rtl .elementor-widget-divider .elementor-divider__text{direction:rtl}.e-con-inner>.elementor-widget-divider,.e-con>.elementor-widget-divider{width:var(--container-widget-width,100%);--flex-grow:var(--container-widget-flex-grow)}<\/style>\t\t<div class=\"elementor-divider\">\n\t\t\t<span class=\"elementor-divider-separator\">\n\t\t\t\t\t\t<\/span>\n\t\t<\/div>\n\t\t\t\t<\/div>\n\t\t\t\t<\/div>\n\t\t\t\t<div class=\"elementor-element elementor-element-29dfe22 elementor-widget elementor-widget-heading\" data-id=\"29dfe22\" data-element_type=\"widget\" data-widget_type=\"heading.default\">\n\t\t\t\t<div class=\"elementor-widget-container\">\n\t\t\t<style>\/*! elementor - v3.20.0 - 20-03-2024 *\/\n.elementor-heading-title{padding:0;margin:0;line-height:1}.elementor-widget-heading .elementor-heading-title[class*=elementor-size-]>a{color:inherit;font-size:inherit;line-height:inherit}.elementor-widget-heading .elementor-heading-title.elementor-size-small{font-size:15px}.elementor-widget-heading .elementor-heading-title.elementor-size-medium{font-size:19px}.elementor-widget-heading .elementor-heading-title.elementor-size-large{font-size:29px}.elementor-widget-heading .elementor-heading-title.elementor-size-xl{font-size:39px}.elementor-widget-heading .elementor-heading-title.elementor-size-xxl{font-size:59px}<\/style><h1 class=\"elementor-heading-title elementor-size-default\">Responsabilidade Social<\/h1>\t\t<\/div>\n\t\t\t\t<\/div>\n\t\t\t\t\t<\/div>\n\t\t<\/div>\n\t\t\t\t\t<\/div>\n\t\t<\/section>\n\t\t\t\t<section class=\"elementor-section elementor-top-section elementor-element elementor-element-7964b72 elementor-section-boxed elementor-section-height-default elementor-section-height-default\" data-id=\"7964b72\" data-element_type=\"section\" data-settings=\"{&quot;background_background&quot;:&quot;classic&quot;}\">\n\t\t\t\t\t\t<div class=\"elementor-container elementor-column-gap-default\">\n\t\t\t\t\t<div class=\"elementor-column elementor-col-50 elementor-top-column elementor-element elementor-element-4889524\" data-id=\"4889524\" data-element_type=\"column\">\n\t\t\t<div class=\"elementor-widget-wrap elementor-element-populated\">\n\t\t\t\t\t\t<div class=\"elementor-element elementor-element-7b46704 elementor-widget elementor-widget-image\" data-id=\"7b46704\" data-element_type=\"widget\" data-widget_type=\"image.default\">\n\t\t\t\t<div class=\"elementor-widget-container\">\n\t\t\t<style>\/*! elementor - v3.20.0 - 20-03-2024 *\/\n.elementor-widget-image{text-align:center}.elementor-widget-image a{display:inline-block}.elementor-widget-image a img[src$=\".svg\"]{width:48px}.elementor-widget-image img{vertical-align:middle;display:inline-block}<\/style>\t\t\t\t\t\t\t\t\t\t<img fetchpriority=\"high\" decoding=\"async\" width=\"600\" height=\"600\" src=\"https:\/\/pulzohost.com.br\/clientes\/grupoeventos\/wp-content\/uploads\/2024\/04\/Grupo-de-Eventos-Imagens.png\" class=\"attachment-full size-full wp-image-908\" alt=\"\" srcset=\"https:\/\/pulzohost.com.br\/clientes\/grupoeventos\/wp-content\/uploads\/2024\/04\/Grupo-de-Eventos-Imagens.png 600w, https:\/\/pulzohost.com.br\/clientes\/grupoeventos\/wp-content\/uploads\/2024\/04\/Grupo-de-Eventos-Imagens-300x300.png 300w, https:\/\/pulzohost.com.br\/clientes\/grupoeventos\/wp-content\/uploads\/2024\/04\/Grupo-de-Eventos-Imagens-150x150.png 150w\" sizes=\"(max-width: 600px) 100vw, 600px\" \/>\t\t\t\t\t\t\t\t\t\t\t\t\t<\/div>\n\t\t\t\t<\/div>\n\t\t\t\t\t<\/div>\n\t\t<\/div>\n\t\t\t\t<div class=\"elementor-column elementor-col-50 elementor-top-column elementor-element elementor-element-98013dc\" data-id=\"98013dc\" data-element_type=\"column\">\n\t\t\t<div class=\"elementor-widget-wrap elementor-element-populated\">\n\t\t\t\t\t\t<div class=\"elementor-element elementor-element-4ef54c5 elementor-widget elementor-widget-text-editor\" data-id=\"4ef54c5\" data-element_type=\"widget\" data-widget_type=\"text-editor.default\">\n\t\t\t\t<div class=\"elementor-widget-container\">\n\t\t\t<style>\/*! elementor - v3.20.0 - 20-03-2024 *\/\n.elementor-widget-text-editor.elementor-drop-cap-view-stacked .elementor-drop-cap{background-color:#69727d;color:#fff}.elementor-widget-text-editor.elementor-drop-cap-view-framed .elementor-drop-cap{color:#69727d;border:3px solid;background-color:transparent}.elementor-widget-text-editor:not(.elementor-drop-cap-view-default) .elementor-drop-cap{margin-top:8px}.elementor-widget-text-editor:not(.elementor-drop-cap-view-default) .elementor-drop-cap-letter{width:1em;height:1em}.elementor-widget-text-editor .elementor-drop-cap{float:left;text-align:center;line-height:1;font-size:50px}.elementor-widget-text-editor .elementor-drop-cap-letter{display:inline-block}<\/style>\t\t\t\t<p>A preocupa\u00e7\u00e3o com a preserva\u00e7\u00e3o do meio ambiente est\u00e1 diretamente ligada ao planejamento estrat\u00e9gico da Grupo de Eventos, em que produtos, processos e servi\u00e7os s\u00e3o revistos, desenvolvidos e produzidos em fun\u00e7\u00e3o desse fator.<\/p><p>Desenvolver estandes que causem menos impacto poss\u00edvel ao meio ambiente \u00e9 a base do princ\u00edpio do neg\u00f3cio sustent\u00e1vel, seja pela diminui\u00e7\u00e3o do uso e\/ou produ\u00e7\u00e3o de produtos considerados agressivos, ou pela elimina\u00e7\u00e3o de subst\u00e2ncias t\u00f3xicas e tamb\u00e9m consumo de energia reduzido, a Grupo de Eventos se compromete com a reciclagem de todos os res\u00edduos e acredita que a preven\u00e7\u00e3o \u00e9 ainda a melhor solu\u00e7\u00e3o.<\/p>\t\t\t\t\t\t<\/div>\n\t\t\t\t<\/div>\n\t\t\t\t\t<\/div>\n\t\t<\/div>\n\t\t\t\t\t<\/div>\n\t\t<\/section>\n\t\t\t\t<section class=\"elementor-section elementor-top-section elementor-element elementor-element-51f0b7a elementor-section-boxed elementor-section-height-default elementor-section-height-default\" data-id=\"51f0b7a\" data-element_type=\"section\" data-settings=\"{&quot;background_background&quot;:&quot;classic&quot;}\">\n\t\t\t\t\t\t<div class=\"elementor-container elementor-column-gap-default\">\n\t\t\t\t\t<div class=\"elementor-column elementor-col-100 elementor-top-column elementor-element elementor-element-c136a90\" data-id=\"c136a90\" data-element_type=\"column\">\n\t\t\t<div class=\"elementor-widget-wrap elementor-element-populated\">\n\t\t\t\t\t\t<div class=\"elementor-element elementor-element-9f76396 elementor-widget elementor-widget-text-editor\" data-id=\"9f76396\" data-element_type=\"widget\" data-widget_type=\"text-editor.default\">\n\t\t\t\t<div class=\"elementor-widget-container\">\n\t\t\t\t\t\t\t<p>Todos os insumos a base de madeira incorporados nos processos produtivos da nossa empresa proveem de fornecedores com a certifica\u00e7\u00e3o em Manejo Florestal pelo FSC\u00ae \u2013 Forest Stewarship Council\u00ae, sistema de certifica\u00e7\u00e3o internacional que reconhece os mais altos n\u00edveis de manejo florestal, distribu\u00eddos da seguinte forma: 23,13% certificados sob o c\u00f3digo de licen\u00e7a FSC-C115987 (SCS) e 27,18% certificados sob o c\u00f3digo de licen\u00e7a FSC-C003917 (Imaflora), garantindo aos nossos clientes\u00a0 produtos de madeira provenientes de florestal manejadas de forma ambientalmente respons\u00e1vel, socialmente ben\u00e9fico e economicamente vi\u00e1vel.<\/p>\t\t\t\t\t\t<\/div>\n\t\t\t\t<\/div>\n\t\t\t\t\t<\/div>\n\t\t<\/div>\n\t\t\t\t\t<\/div>\n\t\t<\/section>\n\t\t\t\t<section class=\"elementor-section elementor-top-section elementor-element elementor-element-45a5051 elementor-section-boxed elementor-section-height-default elementor-section-height-default\" data-id=\"45a5051\" data-element_type=\"section\" data-settings=\"{&quot;background_background&quot;:&quot;classic&quot;}\">\n\t\t\t\t\t\t<div class=\"elementor-container elementor-column-gap-default\">\n\t\t\t\t\t<div class=\"elementor-column elementor-col-100 elementor-top-column elementor-element elementor-element-09d5495\" data-id=\"09d5495\" data-element_type=\"column\">\n\t\t\t<div class=\"elementor-widget-wrap elementor-element-populated\">\n\t\t\t\t\t\t<div class=\"elementor-element elementor-element-374e100 elementor-widget-divider--view-line elementor-widget elementor-widget-divider\" data-id=\"374e100\" data-element_type=\"widget\" data-widget_type=\"divider.default\">\n\t\t\t\t<div class=\"elementor-widget-container\">\n\t\t\t\t\t<div class=\"elementor-divider\">\n\t\t\t<span class=\"elementor-divider-separator\">\n\t\t\t\t\t\t<\/span>\n\t\t<\/div>\n\t\t\t\t<\/div>\n\t\t\t\t<\/div>\n\t\t\t\t<div class=\"elementor-element elementor-element-e00ab55 elementor-widget elementor-widget-heading\" data-id=\"e00ab55\" data-element_type=\"widget\" data-widget_type=\"heading.default\">\n\t\t\t\t<div class=\"elementor-widget-container\">\n\t\t\t<h2 class=\"elementor-heading-title elementor-size-default\">Sustentabilidade<\/h2>\t\t<\/div>\n\t\t\t\t<\/div>\n\t\t\t\t<section class=\"elementor-section elementor-inner-section elementor-element elementor-element-30b743b elementor-section-boxed elementor-section-height-default elementor-section-height-default\" data-id=\"30b743b\" data-element_type=\"section\">\n\t\t\t\t\t\t<div class=\"elementor-container elementor-column-gap-default\">\n\t\t\t\t\t<div class=\"elementor-column elementor-col-100 elementor-inner-column elementor-element elementor-element-ec31793\" data-id=\"ec31793\" data-element_type=\"column\">\n\t\t\t<div class=\"elementor-widget-wrap elementor-element-populated\">\n\t\t\t\t\t\t<div class=\"elementor-element elementor-element-97e5cb5 elementor-widget elementor-widget-text-editor\" data-id=\"97e5cb5\" data-element_type=\"widget\" data-widget_type=\"text-editor.default\">\n\t\t\t\t<div class=\"elementor-widget-container\">\n\t\t\t\t\t\t\t<p>Desenvolvimento sustent\u00e1vel \u00e9 necess\u00e1rio para manuten\u00e7\u00e3o do sistema ambiental e sobreviv\u00eancia do planeta. \u00c9 por este motivo que a Grupo de Eventos vem incorporando responsabilidade ambiental ao seu sistema de produ\u00e7\u00e3o de forma cada vez mais determinante.<\/p><p>A preocupa\u00e7\u00e3o com a preserva\u00e7\u00e3o do meio ambiente est\u00e1 diretamente ligada ao planejamento estrat\u00e9gico da Grupo de Eventos, em que produtos, processos e servi\u00e7os s\u00e3o revistos, desenvolvidos e produzidos em fun\u00e7\u00e3o desse fator.<\/p><p>Desenvolver estandes que causem menos impacto poss\u00edvel ao meio ambiente \u00e9 a base do princ\u00edpio do neg\u00f3cio sustent\u00e1vel, seja pela diminui\u00e7\u00e3o do uso e\/ou produ\u00e7\u00e3o de produtos considerados agressivos, ou pela elimina\u00e7\u00e3o de subst\u00e2ncias t\u00f3xicas e tamb\u00e9m consumo de energia reduzido, a Grupo de Eventos se compromete com a reciclagem de todos os res\u00edduos e acredita que a preven\u00e7\u00e3o \u00e9 ainda a melhor solu\u00e7\u00e3o.<\/p><p>Estes compromissos se refletem em dois programas adotados Grupo de Eventos com o fim de alcan\u00e7ar todas as metas estabelecidas, s\u00e3o eles: Programa Recicla e Design Verde. S\u00e3o atrav\u00e9s desses dois programas que os colaboradores da Grupo de Eventos mobilizaram-se a respeito do desenvolvimento sustent\u00e1vel e incentivados pela empresa criaram grupos de trabalho que implementam projetos de preserva\u00e7\u00e3o ambiental.<\/p><p>O Programa Recicla se resume em reciclagem de papel, madeira, vidro, alum\u00ednio e revestimentos pl\u00e1sticos, materiais em abund\u00e2ncia na constru\u00e7\u00e3o de estandes. As metas do programa recicla s\u00e3o: reduzir o volume de papel, economizar recursos naturais, fortalecer a imagem da empresa, promover a conscientiza\u00e7\u00e3o e a\u00e7\u00e3o ambiental para os colaboradores, difundir a utiliza\u00e7\u00e3o de produtos reciclados, proporcionar a economia na empresa por meio da cultura de reaproveitamento. Em 2007 foram reciclados mais de 144 Toneladas de madeira.<\/p><p>J\u00e1 o programa Design Verde consiste em projetar estandes ambientalmente corretos, utilizando madeira exclusivamente de reflorestamento, tintas ecol\u00f3gicas e substituindo revestimentos tradicionais que agridem o meio ambiente por produtos de origem reciclada.<\/p>\t\t\t\t\t\t<\/div>\n\t\t\t\t<\/div>\n\t\t\t\t\t<\/div>\n\t\t<\/div>\n\t\t\t\t\t<\/div>\n\t\t<\/section>\n\t\t\t\t\t<\/div>\n\t\t<\/div>\n\t\t\t\t\t<\/div>\n\t\t<\/section>\n\t\t\t\t<\/div>\n\t\t","protected":false},"excerpt":{"rendered":"<p>Responsabilidade Social A preocupa\u00e7\u00e3o com a preserva\u00e7\u00e3o do meio ambiente est\u00e1 diretamente ligada ao planejamento estrat\u00e9gico da Grupo de Eventos, em que produtos, processos e servi\u00e7os s\u00e3o revistos, desenvolvidos e produzidos em fun\u00e7\u00e3o desse fator. Desenvolver estandes que causem menos impacto poss\u00edvel ao meio ambiente \u00e9 a base do princ\u00edpio do neg\u00f3cio sustent\u00e1vel, seja pela [&hellip;]<\/p>\n","protected":false},"author":1,"featured_media":0,"parent":0,"menu_order":0,"comment_status":"closed","ping_status":"closed","template":"","meta":{"footnotes":""},"class_list":["post-885","page","type-page","status-publish","hentry"],"_links":{"self":[{"href":"https:\/\/pulzohost.com.br\/clientes\/grupoeventos\/wp-json\/wp\/v2\/pages\/885","targetHints":{"allow":["GET"]}}],"collection":[{"href":"https:\/\/pulzohost.com.br\/clientes\/grupoeventos\/wp-json\/wp\/v2\/pages"}],"about":[{"href":"https:\/\/pulzohost.com.br\/clientes\/grupoeventos\/wp-json\/wp\/v2\/types\/page"}],"author":[{"embeddable":true,"href":"https:\/\/pulzohost.com.br\/clientes\/grupoeventos\/wp-json\/wp\/v2\/users\/1"}],"replies":[{"embeddable":true,"href":"https:\/\/pulzohost.com.br\/clientes\/grupoeventos\/wp-json\/wp\/v2\/comments?post=885"}],"version-history":[{"count":31,"href":"https:\/\/pulzohost.com.br\/clientes\/grupoeventos\/wp-json\/wp\/v2\/pages\/885\/revisions"}],"predecessor-version":[{"id":924,"href":"https:\/\/pulzohost.com.br\/clientes\/grupoeventos\/wp-json\/wp\/v2\/pages\/885\/revisions\/924"}],"wp:attachment":[{"href":"https:\/\/pulzohost.com.br\/clientes\/grupoeventos\/wp-json\/wp\/v2\/media?parent=885"}],"curies":[{"name":"wp","href":"https:\/\/api.w.org\/{rel}","templated":true}]}}